{"id":277,"date":"2022-10-31T12:14:46","date_gmt":"2022-10-31T12:14:46","guid":{"rendered":"http:\/\/www.reusdisseny.com\/qui-som\/"},"modified":"2022-11-15T07:38:33","modified_gmt":"2022-11-15T07:38:33","slug":"qui-som","status":"publish","type":"page","link":"https:\/\/www.reusdisseny.com\/ca\/qui-som\/","title":{"rendered":"Qui som"},"content":{"rendered":"<p><div class=\"fusion-fullwidth fullwidth-box fusion-builder-row-1 fusion-flex-container has-pattern-background has-mask-background fusion-parallax-none nonhundred-percent-fullwidth non-hundred-percent-height-scrolling fusion-custom-z-index\" style=\"--awb-border-radius-top-left:0px;--awb-border-radius-top-right:0px;--awb-border-radius-bottom-right:0px;--awb-border-radius-bottom-left:0px;--awb-z-index:0000;--awb-padding-top:15vh;--awb-padding-bottom:50vh;--awb-background-image:url(&quot;https:\/\/www.reusdisseny.com\/wp-content\/uploads\/2022\/11\/hero_about.webp&quot;);--awb-background-size:cover;--awb-flex-wrap:wrap;\" ><div class=\"fusion-builder-row fusion-row fusion-flex-align-items-center fusion-flex-justify-content-center fusion-flex-content-wrap\" style=\"max-width:1248px;margin-left: calc(-4% \/ 2 );margin-right: calc(-4% \/ 2 );\"><div class=\"fusion-layout-column fusion_builder_column fusion-builder-column-0 fusion_builder_column_1_1 1_1 fusion-flex-column\" style=\"--awb-bg-size:cover;--awb-width-large:100%;--awb-margin-top-large:0px;--awb-spacing-right-large:1.92%;--awb-margin-bottom-large:20px;--awb-spacing-left-large:1.92%;--awb-width-medium:100%;--awb-order-medium:0;--awb-spacing-right-medium:1.92%;--awb-spacing-left-medium:1.92%;--awb-width-small:62%;--awb-order-small:0;--awb-spacing-right-small:3.0967741935484%;--awb-spacing-left-small:3.0967741935484%;\"><div class=\"fusion-column-wrapper fusion-column-has-shadow fusion-flex-justify-content-flex-start fusion-content-layout-column\"><div class=\"fusion-title title fusion-title-1 fusion-sep-none fusion-title-center fusion-title-text fusion-title-size-one\" style=\"--awb-text-color:var(--awb-color5);\"><h1 class=\"fusion-title-heading title-heading-center fusion-responsive-typography-calculated\" style=\"margin:0;text-transform:var(--awb-typography1-text-transform);--fontSize:64;line-height:var(--awb-typography1-line-height);\">Qui som<\/h1><\/div><\/div><\/div><\/div><\/div><div class=\"fusion-fullwidth fullwidth-box fusion-builder-row-2 fusion-flex-container has-pattern-background has-mask-background nonhundred-percent-fullwidth non-hundred-percent-height-scrolling\" style=\"--awb-border-radius-top-left:0px;--awb-border-radius-top-right:0px;--awb-border-radius-bottom-right:0px;--awb-border-radius-bottom-left:0px;--awb-padding-top:12vh;--awb-padding-bottom:12vh;--awb-margin-bottom:-60px;--awb-background-color:var(--awb-color5);--awb-flex-wrap:wrap;\" ><div class=\"fusion-builder-row fusion-row fusion-flex-align-items-flex-start fusion-flex-justify-content-center fusion-flex-content-wrap\" style=\"max-width:1248px;margin-left: calc(-4% \/ 2 );margin-right: calc(-4% \/ 2 );\"><div class=\"fusion-layout-column fusion_builder_column fusion-builder-column-1 fusion_builder_column_1_4 1_4 fusion-flex-column\" style=\"--awb-bg-size:cover;--awb-width-large:25%;--awb-margin-top-large:0px;--awb-spacing-right-large:7.68%;--awb-margin-bottom-large:20px;--awb-spacing-left-large:7.68%;--awb-width-medium:80%;--awb-order-medium:0;--awb-spacing-right-medium:2.4%;--awb-spacing-left-medium:2.4%;--awb-width-small:100%;--awb-order-small:0;--awb-spacing-right-small:1.92%;--awb-spacing-left-small:1.92%;\"><div class=\"fusion-column-wrapper fusion-column-has-shadow fusion-flex-justify-content-flex-start fusion-content-layout-column\"><div class=\"fusion-text fusion-text-1 fusion-text-no-margin\" style=\"--awb-font-size:43px;--awb-text-color:rgba(255,255,255,0.05);--awb-margin-bottom:-52px;--awb-text-font-family:&quot;Source Serif Pro&quot;;--awb-text-font-style:italic;--awb-text-font-weight:400;\"><p>Qui som<\/p>\n<\/div><div class=\"fusion-title title fusion-title-2 fusion-sep-none fusion-title-text fusion-title-size-two\" style=\"--awb-text-color:var(--awb-color1);--awb-font-size:35px;\"><h2 class=\"fusion-title-heading title-heading-left fusion-responsive-typography-calculated\" style=\"margin:0;font-size:1em;letter-spacing:1px;--fontSize:35;--minFontSize:35;line-height:var(--awb-typography1-line-height);\">Qui som<\/h2><\/div><div class=\"fusion-text fusion-text-2\" style=\"--awb-font-size:16px;--awb-text-color:#fafaf3;\"><p>Basats en una \u00e0mplia experi\u00e8ncia en el sector hoteler, institucional i particular, fem treballs a mesura i d&#8217;alta qualitat mitjan\u00e7ant una experimentada plantilla de mestres ebenistes i fusters.<\/p>\n<\/div><\/div><\/div><div class=\"fusion-layout-column fusion_builder_column fusion-builder-column-2 fusion_builder_column_1_4 1_4 fusion-flex-column\" style=\"--awb-bg-size:cover;--awb-width-large:25%;--awb-margin-top-large:0px;--awb-spacing-right-large:7.68%;--awb-margin-bottom-large:20px;--awb-spacing-left-large:7.68%;--awb-width-medium:25%;--awb-order-medium:0;--awb-spacing-right-medium:7.68%;--awb-spacing-left-medium:7.68%;--awb-width-small:100%;--awb-order-small:0;--awb-spacing-right-small:1.92%;--awb-spacing-left-small:1.92%;\"><div class=\"fusion-column-wrapper fusion-column-has-shadow fusion-flex-justify-content-flex-start fusion-content-layout-column\"><div class=\"fusion-image-element \" style=\"text-align:center;--awb-max-width:160px;--awb-caption-title-font-family:var(--h2_typography-font-family);--awb-caption-title-font-weight:var(--h2_typography-font-weight);--awb-caption-title-font-style:var(--h2_typography-font-style);--awb-caption-title-size:var(--h2_typography-font-size);--awb-caption-title-transform:var(--h2_typography-text-transform);--awb-caption-title-line-height:var(--h2_typography-line-height);--awb-caption-title-letter-spacing:var(--h2_typography-letter-spacing);\"><span class=\" fusion-imageframe imageframe-glow imageframe-1 hover-type-none\" style=\"border-radius:100px;-webkit-box-shadow: 0 0 3px var(--awb-color5);box-shadow: 0 0 3px var(--awb-color5);\"><img decoding=\"async\" width=\"884\" height=\"884\" title=\"imga-taller\" src=\"https:\/\/www.reusdisseny.com\/wp-content\/uploads\/2022\/11\/imga-taller.webp\" alt class=\"img-responsive wp-image-260\" srcset=\"https:\/\/www.reusdisseny.com\/wp-content\/uploads\/2022\/11\/imga-taller-66x66.webp 66w, https:\/\/www.reusdisseny.com\/wp-content\/uploads\/2022\/11\/imga-taller-150x150.webp 150w, https:\/\/www.reusdisseny.com\/wp-content\/uploads\/2022\/11\/imga-taller-200x200.webp 200w, https:\/\/www.reusdisseny.com\/wp-content\/uploads\/2022\/11\/imga-taller-300x300.webp 300w, https:\/\/www.reusdisseny.com\/wp-content\/uploads\/2022\/11\/imga-taller-400x400.webp 400w, https:\/\/www.reusdisseny.com\/wp-content\/uploads\/2022\/11\/imga-taller-600x600.webp 600w, https:\/\/www.reusdisseny.com\/wp-content\/uploads\/2022\/11\/imga-taller-768x768.webp 768w, https:\/\/www.reusdisseny.com\/wp-content\/uploads\/2022\/11\/imga-taller-800x800.webp 800w, https:\/\/www.reusdisseny.com\/wp-content\/uploads\/2022\/11\/imga-taller.webp 884w\" sizes=\"(max-width: 640px) 100vw, 400px\" \/><\/span><\/div><div class=\"fusion-title title fusion-title-3 fusion-sep-none fusion-title-center fusion-title-text fusion-title-size-three\" style=\"--awb-text-color:#d29e79;--awb-font-size:26px;\"><h3 class=\"fusion-title-heading title-heading-center fusion-responsive-typography-calculated\" style=\"font-family:&quot;Lora&quot;;font-style:italic;font-weight:400;margin:0;font-size:1em;--fontSize:26;--minFontSize:26;line-height:var(--awb-typography1-line-height);\">Taller<\/h3><\/div><div class=\"fusion-text fusion-text-3\" style=\"--awb-font-size:16px;--awb-text-color:#fafaf3;\"><p style=\"text-align: center;\">El nostre taller \u00e9s propi, i aquesta preparat per a fabricar i muntar qualsevol tipus de mobiliari i estructura relacionada amb la fusta.<\/p>\n<\/div><\/div><\/div><div class=\"fusion-layout-column fusion_builder_column fusion-builder-column-3 fusion_builder_column_1_4 1_4 fusion-flex-column\" style=\"--awb-bg-size:cover;--awb-width-large:25%;--awb-margin-top-large:0px;--awb-spacing-right-large:7.68%;--awb-margin-bottom-large:20px;--awb-spacing-left-large:7.68%;--awb-width-medium:25%;--awb-order-medium:0;--awb-spacing-right-medium:7.68%;--awb-spacing-left-medium:7.68%;--awb-width-small:100%;--awb-order-small:0;--awb-spacing-right-small:1.92%;--awb-spacing-left-small:1.92%;\"><div class=\"fusion-column-wrapper fusion-column-has-shadow fusion-flex-justify-content-flex-start fusion-content-layout-column\"><div class=\"fusion-image-element \" style=\"text-align:center;--awb-max-width:160px;--awb-caption-title-font-family:var(--h2_typography-font-family);--awb-caption-title-font-weight:var(--h2_typography-font-weight);--awb-caption-title-font-style:var(--h2_typography-font-style);--awb-caption-title-size:var(--h2_typography-font-size);--awb-caption-title-transform:var(--h2_typography-text-transform);--awb-caption-title-line-height:var(--h2_typography-line-height);--awb-caption-title-letter-spacing:var(--h2_typography-letter-spacing);\"><span class=\" fusion-imageframe imageframe-glow imageframe-2 hover-type-none\" style=\"border-radius:100px;-webkit-box-shadow: 0 0 3px var(--awb-color5);box-shadow: 0 0 3px var(--awb-color5);\"><img decoding=\"async\" width=\"878\" height=\"878\" title=\"img-dep-tecnico\" src=\"https:\/\/www.reusdisseny.com\/wp-content\/uploads\/2022\/11\/img-dep-tecnico.webp\" alt class=\"img-responsive wp-image-261\" srcset=\"https:\/\/www.reusdisseny.com\/wp-content\/uploads\/2022\/11\/img-dep-tecnico-66x66.webp 66w, https:\/\/www.reusdisseny.com\/wp-content\/uploads\/2022\/11\/img-dep-tecnico-150x150.webp 150w, https:\/\/www.reusdisseny.com\/wp-content\/uploads\/2022\/11\/img-dep-tecnico-200x200.webp 200w, https:\/\/www.reusdisseny.com\/wp-content\/uploads\/2022\/11\/img-dep-tecnico-300x300.webp 300w, https:\/\/www.reusdisseny.com\/wp-content\/uploads\/2022\/11\/img-dep-tecnico-400x400.webp 400w, https:\/\/www.reusdisseny.com\/wp-content\/uploads\/2022\/11\/img-dep-tecnico-600x600.webp 600w, https:\/\/www.reusdisseny.com\/wp-content\/uploads\/2022\/11\/img-dep-tecnico-768x768.webp 768w, https:\/\/www.reusdisseny.com\/wp-content\/uploads\/2022\/11\/img-dep-tecnico-800x800.webp 800w, https:\/\/www.reusdisseny.com\/wp-content\/uploads\/2022\/11\/img-dep-tecnico.webp 878w\" sizes=\"(max-width: 640px) 100vw, 400px\" \/><\/span><\/div><div class=\"fusion-title title fusion-title-4 fusion-sep-none fusion-title-center fusion-title-text fusion-title-size-three\" style=\"--awb-text-color:#d29e79;--awb-font-size:26px;\"><h3 class=\"fusion-title-heading title-heading-center fusion-responsive-typography-calculated\" style=\"font-family:&quot;Lora&quot;;font-style:italic;font-weight:400;margin:0;font-size:1em;--fontSize:26;--minFontSize:26;line-height:var(--awb-typography1-line-height);\">Departament t\u00e8cnic<\/h3><\/div><div class=\"fusion-text fusion-text-4\" style=\"--awb-font-size:16px;--awb-text-color:#fafaf3;\"><p style=\"text-align: center;\">Tenim un departament T\u00e8cnic per a poder escenificar tot el projecte en fabricaci\u00f3, muntatge i desenvolupament.<\/p>\n<\/div><\/div><\/div><div class=\"fusion-layout-column fusion_builder_column fusion-builder-column-4 fusion_builder_column_1_4 1_4 fusion-flex-column\" style=\"--awb-bg-size:cover;--awb-width-large:25%;--awb-margin-top-large:0px;--awb-spacing-right-large:7.68%;--awb-margin-bottom-large:20px;--awb-spacing-left-large:7.68%;--awb-width-medium:25%;--awb-order-medium:0;--awb-spacing-right-medium:7.68%;--awb-spacing-left-medium:7.68%;--awb-width-small:100%;--awb-order-small:0;--awb-spacing-right-small:1.92%;--awb-spacing-left-small:1.92%;\"><div class=\"fusion-column-wrapper fusion-column-has-shadow fusion-flex-justify-content-flex-start fusion-content-layout-column\"><div class=\"fusion-image-element \" style=\"text-align:center;--awb-max-width:160px;--awb-caption-title-font-family:var(--h2_typography-font-family);--awb-caption-title-font-weight:var(--h2_typography-font-weight);--awb-caption-title-font-style:var(--h2_typography-font-style);--awb-caption-title-size:var(--h2_typography-font-size);--awb-caption-title-transform:var(--h2_typography-text-transform);--awb-caption-title-line-height:var(--h2_typography-line-height);--awb-caption-title-letter-spacing:var(--h2_typography-letter-spacing);\"><span class=\" fusion-imageframe imageframe-glow imageframe-3 hover-type-none\" style=\"border-radius:100px;-webkit-box-shadow: 0 0 2px var(--awb-color5);box-shadow: 0 0 2px var(--awb-color5);\"><img decoding=\"async\" width=\"707\" height=\"707\" title=\"img-interiorismo\" src=\"https:\/\/www.reusdisseny.com\/wp-content\/uploads\/2022\/11\/img-interiorismo.webp\" alt class=\"img-responsive wp-image-259\" srcset=\"https:\/\/www.reusdisseny.com\/wp-content\/uploads\/2022\/11\/img-interiorismo-66x66.webp 66w, https:\/\/www.reusdisseny.com\/wp-content\/uploads\/2022\/11\/img-interiorismo-150x150.webp 150w, https:\/\/www.reusdisseny.com\/wp-content\/uploads\/2022\/11\/img-interiorismo-200x200.webp 200w, https:\/\/www.reusdisseny.com\/wp-content\/uploads\/2022\/11\/img-interiorismo-300x300.webp 300w, https:\/\/www.reusdisseny.com\/wp-content\/uploads\/2022\/11\/img-interiorismo-400x400.webp 400w, https:\/\/www.reusdisseny.com\/wp-content\/uploads\/2022\/11\/img-interiorismo-600x600.webp 600w, https:\/\/www.reusdisseny.com\/wp-content\/uploads\/2022\/11\/img-interiorismo.webp 707w\" sizes=\"(max-width: 640px) 100vw, 400px\" \/><\/span><\/div><div class=\"fusion-title title fusion-title-5 fusion-sep-none fusion-title-center fusion-title-text fusion-title-size-three\" style=\"--awb-text-color:#d29e79;--awb-font-size:26px;\"><h3 class=\"fusion-title-heading title-heading-center fusion-responsive-typography-calculated\" style=\"font-family:&quot;Lora&quot;;font-style:italic;font-weight:400;margin:0;font-size:1em;--fontSize:26;--minFontSize:26;line-height:var(--awb-typography1-line-height);\">Interiorisme<\/h3><\/div><div class=\"fusion-text fusion-text-5\" style=\"--awb-font-size:16px;--awb-text-color:#fafaf3;\"><p style=\"text-align: center;\">Tenim departament d&#8217;interiorisme per a fer dels teus gustos una realitat. Sempre de la m\u00e0 d&#8217;un especialista.<\/p>\n<\/div><\/div><\/div><\/div><\/div><\/p>\n","protected":false},"excerpt":{"rendered":"","protected":false},"author":1,"featured_media":0,"parent":0,"menu_order":0,"comment_status":"closed","ping_status":"closed","template":"100-width.php","meta":{"footnotes":""},"class_list":["post-277","page","type-page","status-publish","hentry"],"yoast_head":"<!-- This site is optimized with the Yoast SEO plugin v21.7 - https:\/\/yoast.com\/wordpress\/plugins\/seo\/ -->\n<title>Qui som - REUS DISSENY<\/title>\n<meta name=\"robots\" content=\"index, follow, max-snippet:-1, max-image-preview:large, max-video-preview:-1\" \/>\n<link rel=\"canonical\" href=\"https:\/\/www.reusdisseny.com\/ca\/qui-som\/\" \/>\n<meta property=\"og:locale\" content=\"ca_ES\" \/>\n<meta property=\"og:type\" content=\"article\" \/>\n<meta property=\"og:title\" content=\"Qui som - REUS DISSENY\" \/>\n<meta property=\"og:url\" content=\"https:\/\/www.reusdisseny.com\/ca\/qui-som\/\" \/>\n<meta property=\"og:site_name\" content=\"REUS DISSENY\" \/>\n<meta property=\"article:modified_time\" content=\"2022-11-15T07:38:33+00:00\" \/>\n<meta name=\"twitter:card\" content=\"summary_large_image\" \/>\n<meta name=\"twitter:label1\" content=\"Temps estimat de lectura\" \/>\n\t<meta name=\"twitter:data1\" content=\"13 minuts\" \/>\n<script type=\"application\/ld+json\" class=\"yoast-schema-graph\">{\"@context\":\"https:\/\/schema.org\",\"@graph\":[{\"@type\":\"WebPage\",\"@id\":\"https:\/\/www.reusdisseny.com\/ca\/qui-som\/\",\"url\":\"https:\/\/www.reusdisseny.com\/ca\/qui-som\/\",\"name\":\"Qui som - REUS DISSENY\",\"isPartOf\":{\"@id\":\"https:\/\/www.reusdisseny.com\/ca\/#website\"},\"datePublished\":\"2022-10-31T12:14:46+00:00\",\"dateModified\":\"2022-11-15T07:38:33+00:00\",\"breadcrumb\":{\"@id\":\"https:\/\/www.reusdisseny.com\/ca\/qui-som\/#breadcrumb\"},\"inLanguage\":\"ca\",\"potentialAction\":[{\"@type\":\"ReadAction\",\"target\":[\"https:\/\/www.reusdisseny.com\/ca\/qui-som\/\"]}]},{\"@type\":\"BreadcrumbList\",\"@id\":\"https:\/\/www.reusdisseny.com\/ca\/qui-som\/#breadcrumb\",\"itemListElement\":[{\"@type\":\"ListItem\",\"position\":1,\"name\":\"Portada\",\"item\":\"https:\/\/www.reusdisseny.com\/ca\/inici\/\"},{\"@type\":\"ListItem\",\"position\":2,\"name\":\"Qui som\"}]},{\"@type\":\"WebSite\",\"@id\":\"https:\/\/www.reusdisseny.com\/ca\/#website\",\"url\":\"https:\/\/www.reusdisseny.com\/ca\/\",\"name\":\"REUS DISSENY\",\"description\":\"Pasi\u00f3n por la madera\",\"publisher\":{\"@id\":\"https:\/\/www.reusdisseny.com\/ca\/#organization\"},\"potentialAction\":[{\"@type\":\"SearchAction\",\"target\":{\"@type\":\"EntryPoint\",\"urlTemplate\":\"https:\/\/www.reusdisseny.com\/ca\/?s={search_term_string}\"},\"query-input\":\"required name=search_term_string\"}],\"inLanguage\":\"ca\"},{\"@type\":\"Organization\",\"@id\":\"https:\/\/www.reusdisseny.com\/ca\/#organization\",\"name\":\"REUS DISSENY\",\"url\":\"https:\/\/www.reusdisseny.com\/ca\/\",\"logo\":{\"@type\":\"ImageObject\",\"inLanguage\":\"ca\",\"@id\":\"https:\/\/www.reusdisseny.com\/ca\/#\/schema\/logo\/image\/\",\"url\":\"https:\/\/www.reusdisseny.com\/wp-content\/uploads\/2022\/10\/logo-reus-disseny.svg\",\"contentUrl\":\"https:\/\/www.reusdisseny.com\/wp-content\/uploads\/2022\/10\/logo-reus-disseny.svg\",\"width\":163,\"height\":163,\"caption\":\"REUS DISSENY\"},\"image\":{\"@id\":\"https:\/\/www.reusdisseny.com\/ca\/#\/schema\/logo\/image\/\"},\"sameAs\":[\"https:\/\/www.instagram.com\/reusdisseny\/\",\"https:\/\/www.linkedin.com\/company\/reus-disseny-i-decoraci-sl\/\"]}]}<\/script>\n<!-- \/ Yoast SEO plugin. -->","yoast_head_json":{"title":"Qui som - REUS DISSENY","robots":{"index":"index","follow":"follow","max-snippet":"max-snippet:-1","max-image-preview":"max-image-preview:large","max-video-preview":"max-video-preview:-1"},"canonical":"https:\/\/www.reusdisseny.com\/ca\/qui-som\/","og_locale":"ca_ES","og_type":"article","og_title":"Qui som - REUS DISSENY","og_url":"https:\/\/www.reusdisseny.com\/ca\/qui-som\/","og_site_name":"REUS DISSENY","article_modified_time":"2022-11-15T07:38:33+00:00","twitter_card":"summary_large_image","twitter_misc":{"Temps estimat de lectura":"13 minuts"},"schema":{"@context":"https:\/\/schema.org","@graph":[{"@type":"WebPage","@id":"https:\/\/www.reusdisseny.com\/ca\/qui-som\/","url":"https:\/\/www.reusdisseny.com\/ca\/qui-som\/","name":"Qui som - REUS DISSENY","isPartOf":{"@id":"https:\/\/www.reusdisseny.com\/ca\/#website"},"datePublished":"2022-10-31T12:14:46+00:00","dateModified":"2022-11-15T07:38:33+00:00","breadcrumb":{"@id":"https:\/\/www.reusdisseny.com\/ca\/qui-som\/#breadcrumb"},"inLanguage":"ca","potentialAction":[{"@type":"ReadAction","target":["https:\/\/www.reusdisseny.com\/ca\/qui-som\/"]}]},{"@type":"BreadcrumbList","@id":"https:\/\/www.reusdisseny.com\/ca\/qui-som\/#breadcrumb","itemListElement":[{"@type":"ListItem","position":1,"name":"Portada","item":"https:\/\/www.reusdisseny.com\/ca\/inici\/"},{"@type":"ListItem","position":2,"name":"Qui som"}]},{"@type":"WebSite","@id":"https:\/\/www.reusdisseny.com\/ca\/#website","url":"https:\/\/www.reusdisseny.com\/ca\/","name":"REUS DISSENY","description":"Pasi\u00f3n por la madera","publisher":{"@id":"https:\/\/www.reusdisseny.com\/ca\/#organization"},"potentialAction":[{"@type":"SearchAction","target":{"@type":"EntryPoint","urlTemplate":"https:\/\/www.reusdisseny.com\/ca\/?s={search_term_string}"},"query-input":"required name=search_term_string"}],"inLanguage":"ca"},{"@type":"Organization","@id":"https:\/\/www.reusdisseny.com\/ca\/#organization","name":"REUS DISSENY","url":"https:\/\/www.reusdisseny.com\/ca\/","logo":{"@type":"ImageObject","inLanguage":"ca","@id":"https:\/\/www.reusdisseny.com\/ca\/#\/schema\/logo\/image\/","url":"https:\/\/www.reusdisseny.com\/wp-content\/uploads\/2022\/10\/logo-reus-disseny.svg","contentUrl":"https:\/\/www.reusdisseny.com\/wp-content\/uploads\/2022\/10\/logo-reus-disseny.svg","width":163,"height":163,"caption":"REUS DISSENY"},"image":{"@id":"https:\/\/www.reusdisseny.com\/ca\/#\/schema\/logo\/image\/"},"sameAs":["https:\/\/www.instagram.com\/reusdisseny\/","https:\/\/www.linkedin.com\/company\/reus-disseny-i-decoraci-sl\/"]}]}},"_links":{"self":[{"href":"https:\/\/www.reusdisseny.com\/ca\/wp-json\/wp\/v2\/pages\/277","targetHints":{"allow":["GET"]}}],"collection":[{"href":"https:\/\/www.reusdisseny.com\/ca\/wp-json\/wp\/v2\/pages"}],"about":[{"href":"https:\/\/www.reusdisseny.com\/ca\/wp-json\/wp\/v2\/types\/page"}],"author":[{"embeddable":true,"href":"https:\/\/www.reusdisseny.com\/ca\/wp-json\/wp\/v2\/users\/1"}],"replies":[{"embeddable":true,"href":"https:\/\/www.reusdisseny.com\/ca\/wp-json\/wp\/v2\/comments?post=277"}],"version-history":[{"count":3,"href":"https:\/\/www.reusdisseny.com\/ca\/wp-json\/wp\/v2\/pages\/277\/revisions"}],"predecessor-version":[{"id":280,"href":"https:\/\/www.reusdisseny.com\/ca\/wp-json\/wp\/v2\/pages\/277\/revisions\/280"}],"wp:attachment":[{"href":"https:\/\/www.reusdisseny.com\/ca\/wp-json\/wp\/v2\/media?parent=277"}],"curies":[{"name":"wp","href":"https:\/\/api.w.org\/{rel}","templated":true}]}}