{"id":315,"date":"2022-11-10T08:32:55","date_gmt":"2022-11-10T08:32:55","guid":{"rendered":"http:\/\/www.reusdisseny.com\/avis-legal\/"},"modified":"2022-11-22T12:17:51","modified_gmt":"2022-11-22T12:17:51","slug":"avis-legal","status":"publish","type":"page","link":"https:\/\/www.reusdisseny.com\/ca\/avis-legal\/","title":{"rendered":"Av\u00eds legal"},"content":{"rendered":"<div class=\"fusion-fullwidth fullwidth-box fusion-builder-row-1 fusion-flex-container has-pattern-background has-mask-background nonhundred-percent-fullwidth non-hundred-percent-height-scrolling fusion-custom-z-index\" style=\"--awb-border-radius-top-left:0px;--awb-border-radius-top-right:0px;--awb-border-radius-bottom-right:0px;--awb-border-radius-bottom-left:0px;--awb-z-index:0000;--awb-padding-top:8vh;--awb-padding-bottom:8vh;--awb-margin-top:-50px;--awb-margin-bottom:-60px;--awb-background-color:var(--awb-color5);--awb-flex-wrap:wrap;\" ><div class=\"fusion-builder-row fusion-row fusion-flex-align-items-flex-start fusion-flex-content-wrap\" style=\"max-width:1248px;margin-left: calc(-4% \/ 2 );margin-right: calc(-4% \/ 2 );\"><div class=\"fusion-layout-column fusion_builder_column fusion-builder-column-0 fusion_builder_column_1_1 1_1 fusion-flex-column\" style=\"--awb-bg-size:cover;--awb-width-large:100%;--awb-margin-top-large:0px;--awb-spacing-right-large:1.92%;--awb-margin-bottom-large:20px;--awb-spacing-left-large:1.92%;--awb-width-medium:100%;--awb-order-medium:0;--awb-spacing-right-medium:1.92%;--awb-spacing-left-medium:1.92%;--awb-width-small:100%;--awb-order-small:0;--awb-spacing-right-small:1.92%;--awb-spacing-left-small:1.92%;\"><div class=\"fusion-column-wrapper fusion-column-has-shadow fusion-flex-justify-content-flex-start fusion-content-layout-column\"><div class=\"fusion-title title fusion-title-1 fusion-sep-none fusion-title-text fusion-title-size-one\" style=\"--awb-text-color:var(--awb-color8);\"><h1 class=\"fusion-title-heading title-heading-left fusion-responsive-typography-calculated\" style=\"margin:0;--fontSize:64;line-height:var(--awb-typography1-line-height);\">Av\u00eds legal<\/h1><\/div><\/div><\/div><div class=\"fusion-layout-column fusion_builder_column fusion-builder-column-1 fusion_builder_column_1_1 1_1 fusion-flex-column\" style=\"--awb-bg-size:cover;--awb-width-large:100%;--awb-margin-top-large:0px;--awb-spacing-right-large:1.92%;--awb-margin-bottom-large:20px;--awb-spacing-left-large:1.92%;--awb-width-medium:100%;--awb-order-medium:0;--awb-spacing-right-medium:1.92%;--awb-spacing-left-medium:1.92%;--awb-width-small:100%;--awb-order-small:0;--awb-spacing-right-small:1.92%;--awb-spacing-left-small:1.92%;\"><div class=\"fusion-column-wrapper fusion-column-has-shadow fusion-flex-justify-content-flex-start fusion-content-layout-column\"><div class=\"fusion-text fusion-text-1\"><h2>I. INFORMACI\u00d3 GENERAL<\/h2>\n<p>En compliment amb el deure d&#8217;informaci\u00f3 disposat en la Llei 34\/2002 de Serveis de la Societat de la Informaci\u00f3 i el Comer\u00e7 Electr\u00f2nic (*LSSI-CE) d&#8217;11 de juliol, es faciliten a continuaci\u00f3 les seg\u00fcents dades d&#8217;informaci\u00f3 general d&#8217;aquest lloc web:<\/p>\n<p>La titularitat d&#8217;aquest lloc web, reusdisseny.com, (d&#8217;ara endavant, Lloc web) l&#8217;ostenta: Reus Disseny i Decoraci\u00f3 SL, prove\u00efda de NIF: B43230705 i inscrita en: Reus amb les seg\u00fcents dades registrals: Tom 645 Foli 94 T-1.312, el representant de la qual \u00e9s: Josep Ramon Urgelles Cochs, i les dades de contacte del qual s\u00f3n:<\/p>\n<p>Direcci\u00f3: C\/ Victor Catal\u00e0 n\u00ba 32-34 43206<\/p>\n<p>Tel\u00e8fon de contacte: 977333309<\/p>\n<p>Email de contacte: ofertes@reusdisseny.com<\/p>\n<h2>II. TERMES I CONDICIONS GENERALS D&#8217;\u00daS<\/h2>\n<h3>L&#8217;objecte de les condicions: El Lloc web<\/h3>\n<p>L&#8217;objecte de les presents Condicions Generals d&#8217;\u00das (d&#8217;ara endavant, Condicions) \u00e9s regular l&#8217;acc\u00e9s i la utilitzaci\u00f3 del Lloc web. A l&#8217;efecte de les presents Condicions s&#8217;entendr\u00e0 com a Lloc web: l&#8217;aparen\u00e7a externa de les interf\u00edcies de pantalla, tant de manera est\u00e0tica com de manera din\u00e0mica, \u00e9s a dir, l&#8217;arbre de navegaci\u00f3; i tots els elements integrats tant en les interf\u00edcies de pantalla com en l&#8217;arbre de navegaci\u00f3 (d&#8217;ara endavant, Continguts) i tots aquells serveis o recursos en l\u00ednia que en el seu cas ofereixi als Usuaris (d&#8217;ara endavant, Serveis).<\/p>\n<p>Reus Disseny i decoraci\u00f3 es reserva la facultat de modificar, en qualsevol moment, i sense av\u00eds previ, la presentaci\u00f3 i configuraci\u00f3 del Lloc web i dels Continguts i Serveis que en ell poguessin estar incorporats. L&#8217;Usuari reconeix i accepta que en qualsevol moment Reus Disseny i decoraci\u00f3 pugui interrompre, desactivar i\/o cancel\u00b7lar qualsevol d&#8217;aquests elements que s&#8217;integren en el Lloc web o l&#8217;acc\u00e9s a aquests.<\/p>\n<p>L&#8217;acc\u00e9s al Lloc web per l&#8217;Usuari t\u00e9 car\u00e0cter lliure i, per regla general, \u00e9s gratu\u00eft sense que l&#8217;Usuari hagi de proporcionar una contraprestaci\u00f3 per a poder gaudir d&#8217;aix\u00f2, excepte en el relatiu al cost de connexi\u00f3 a trav\u00e9s de la xarxa de telecomunicacions subministrada pel prove\u00efdor d&#8217;acc\u00e9s que hagu\u00e9s contractat l&#8217;Usuari. La utilitzaci\u00f3 d&#8217;algun dels Continguts o Serveis del Lloc web podr\u00e0 #fer mitjan\u00e7ant la subscripci\u00f3 o registre previ de l&#8217;Usuari.<\/p>\n<h3>L&#8217;Usuari<\/h3>\n<p>L&#8217;acc\u00e9s, la navegaci\u00f3 i \u00fas del Lloc web, aix\u00ed com pels espais habilitats per a interactuar entre els Usuaris, i l&#8217;Usuari i Reus Disseny i decoraci\u00f3, com els comentaris i\/o espais de blogging, confereix la condici\u00f3 d&#8217;Usuari, per la qual cosa s&#8217;accepten, des que s&#8217;inicia la navegaci\u00f3 pel Lloc web, totes les Condicions aqu\u00ed establertes, aix\u00ed com les seves ulteriors modificacions, sense perjudici de l&#8217;aplicaci\u00f3 de la corresponent normativa legal d&#8217;obligat compliment segons el cas. Donada la rellev\u00e0ncia de l&#8217;anterior, es recomana a l&#8217;Usuari llegir-les cada vegada que visiti el Lloc web.<\/p>\n<p>El Lloc web de Reus Disseny i decoraci\u00f3 proporciona gran diversitat d&#8217;informaci\u00f3, serveis i dades. L&#8217;Usuari assumeix la seva responsabilitat per a realitzar un \u00fas correcte del Lloc web. Aquesta responsabilitat s&#8217;estendr\u00e0 a:<\/p>\n<ul>\n<li>Un \u00fas de la informaci\u00f3, Continguts i\/o Serveis i dades ofertes per Reus Disseny i decoraci\u00f3 sense que sigui contrari al que es disposa per les presents Condicions, la Llei, la moral o l&#8217;ordre p\u00fablic, o que de qualsevol altra manera puguin suposar lesi\u00f3 dels drets de tercers o del mateix funcionament del Lloc web.<\/li>\n<li>La veracitat i licitud de les informacions aportades per l&#8217;Usuari en els formularis estesos per Reus Disseny i decoraci\u00f3 per a l&#8217;acc\u00e9s a certs Continguts o Serveis oferts pel Lloc web. En tot cas, l&#8217;Usuari notificar\u00e0 de manera immediata a Reus Disseny i decoraci\u00f3 sobre qualsevol fet que permeti l&#8217;\u00fas indegut de la informaci\u00f3 registrada en aquests formularis, com ara, per\u00f2 no sols, el robatori, extraviament, o l&#8217;acc\u00e9s no autoritzat a identificadors i\/o contrasenyes, amb la finalitat de conducta a la seva immediata cancel\u00b7laci\u00f3.<\/li>\n<\/ul>\n<p>Reus Disseny i decoraci\u00f3 es reserva el dret de retirar tots aquells comentaris i aportacions que vulnerin la llei, el respecte a la dignitat de la persona, que siguin discriminatoris, xen\u00f2fobs, racistes, pornogr\u00e0fics, spamming, que atemptin contra la joventut o la inf\u00e0ncia, l&#8217;ordre o la seguretat p\u00fablica o que, al seu judici, no resultessin adequats per a la seva publicaci\u00f3.<\/p>\n<p>En qualsevol cas, Reus Disseny i decoraci\u00f3 no ser\u00e0 responsable de les opinions abocades pels Usuaris a trav\u00e9s de comentaris o altres eines de blogging o de participaci\u00f3 que pugui haver-hi.<\/p>\n<p>El mer acc\u00e9s a aquest Lloc web no suposa entaular cap mena de relaci\u00f3 de car\u00e0cter comercial entre Reus Disseny i decoraci\u00f3 i l&#8217;Usuari.<\/p>\n<p>El mer acc\u00e9s a aquest Lloc web no suposa entaular cap mena de relaci\u00f3 de car\u00e0cter comercial entre Reus De l&#8217;Usuari declara ser major d&#8217;edat i disposar de la capacitat jur\u00eddica suficient per a #vincular per les presents Condicions. Disseny i decoraci\u00f3 i l&#8217;Usuari. Per tant, aquest Lloc web de Reus Disseny i decoraci\u00f3 no es dirigeix a menors d&#8217;edat. Reus Disseny i decoraci\u00f3 declina qualsevol responsabilitat per l&#8217;incompliment d&#8217;aquest requisit.<\/p>\n<p>El Lloc web est\u00e0 dirigit principalment a Usuaris residents en . Reus Disseny i decoraci\u00f3 no assegura que el Lloc web compleixi amb legislacions d&#8217;altres pa\u00efsos, ja sigui totalment o parcialment. Si l&#8217;Usuari resideix o t\u00e9 el seu domiciliat en un altre lloc i decideix accedir i\/o navegar en el Lloc web el far\u00e0 sota la seva pr\u00f2pia responsabilitat, haur\u00e0 de #assegurar que tal acc\u00e9s i navegaci\u00f3 compleix amb la legislaci\u00f3 local que li \u00e9s aplicable, no assumint Reus Disseny i decoraci\u00f3 cap responsabilitat que es pugui derivar d&#8217;aquest acc\u00e9s.<\/p>\n<h2>III. ACC\u00c9S I NAVEGACI\u00d3 EN EL LLOC WEB: EXCLUSI\u00d3 DE GARANTIES I RESPONSABILITAT<\/h2>\n<p>Reus Disseny i decoraci\u00f3 no garanteix la continu\u00eftat, disponibilitat i utilitat del Lloc web, ni dels Continguts o Serveis. Reus Disseny i decoraci\u00f3 far\u00e0 tot el possible pel bon funcionament del Lloc web, no obstant aix\u00f2, no es responsabilitza ni garanteix que l&#8217;acc\u00e9s a aquest Lloc web no vagi a ser ininterromput o que estigui lliure d&#8217;error.<\/p>\n<p>Tampoc es responsabilitza o garanteix que el contingut o programari al qual pugui #accedir a trav\u00e9s d&#8217;aquest Lloc web, estigui lliure d&#8217;error o causi un mal al sistema inform\u00e0tic (programari i maquinari) de l&#8217;Usuari. En cap cas Reus Disseny i decoraci\u00f3 ser\u00e0 responsable per les p\u00e8rdues, danys o perjudicis de qualsevol tipus que sorgeixin per l&#8217;acc\u00e9s, navegaci\u00f3 i l&#8217;\u00fas del Lloc web, incloure, per\u00f2 no limitar, als ocasionats als sistemes inform\u00e0tics o els provocats per la introducci\u00f3 de virus.<\/p>\n<p>Reus Disseny i decoraci\u00f3 tampoc es fa responsable dels danys que poguessin #ocasionar als usuaris per un \u00fas inadequat d&#8217;aquest Lloc web. En particular, no es fa responsable de cap manera de les caigudes, interrupcions, falta o defecte de les telecomunicacions que poguessin oc\u00f3rrer.<\/p>\n<h2>IV. POL\u00cdTICA D&#8217;ENLLA\u00c7OS<\/h2>\n<p>S&#8217;informa que el Lloc web de Reus Disseny i decoraci\u00f3 posa o pot posar a la disposici\u00f3 dels Usuaris mitjans d&#8217;enlla\u00e7 (com, entre altres, links, b\u00e0ners, botons), directoris i motors de cerca que permeten als Usuaris accedir a llocs web pertanyents i\/o gestionats per tercers.<\/p>\n<p>La instal\u00b7laci\u00f3 d&#8217;aquests enlla\u00e7os, directoris i motors de cerca en el Lloc web t\u00e9 per objecte facilitar als Usuaris la cerca d&#8217;i acc\u00e9s a la informaci\u00f3 disponible en Internet, sense que pugui considerar un suggeriment, recomanaci\u00f3 o invitaci\u00f3 per a la visita d&#8217;aquests.<\/p>\n<p>Reus Disseny i decoraci\u00f3 no ofereix ni comercialitza per si ni per mitj\u00e0 de tercers els productes i\/o serveis disponibles en aquests llocs enlla\u00e7ats.<\/p>\n<p>Aix\u00ed mateix, tampoc garantir\u00e0 la disponibilitat t\u00e8cnica, exactitud, veracitat, validesa o legalitat de llocs aliens a la seva propietat als quals es pugui accedir per mitj\u00e0 dels enlla\u00e7os.<\/p>\n<p>Reus Disseny i decoraci\u00f3 en cap cas revisar\u00e0 o controlar\u00e0 el contingut d&#8217;altres llocs web, aix\u00ed com tampoc aprova, examina ni fa propis els productes i serveis, continguts, arxius i qualsevol altre material existent en els referits llocs enlla\u00e7ats.<\/p>\n<p>Reus Disseny i decoraci\u00f3 no assumeix cap responsabilitat pels danys i perjudicis que poguessin produir per l&#8217;acc\u00e9s, \u00fas, qualitat o licitud dels continguts, comunicacions, opinions, productes i serveis dels llocs web no gestionats per Reus Disseny i decoraci\u00f3 i que siguin enlla\u00e7ats en aquest Lloc web.<\/p>\n<p>L&#8217;Usuari o tercer que realitzi un enlla\u00e7 des d&#8217;una p\u00e0gina web d&#8217;un altre, diferent, lloc web al Lloc web de Reus Disseny i decoraci\u00f3 haur\u00e0 de saber que:<\/p>\n<p>No es permet la reproducci\u00f3 \u2014totalment o parcialment\u2014 de cap dels Continguts i\/o Serveis del Lloc web sense autoritzaci\u00f3 expressa de Reus Disseny i decoraci\u00f3.<\/p>\n<p>No es permet tampoc cap manifestaci\u00f3 falsa, inexacta o incorrecta sobre el Lloc web de Reus *Disseny i *decoraci\u00f3, ni sobre els Continguts i\/o Serveis d&#8217;aquest.<\/p>\n<p>A excepci\u00f3 de l&#8217;enlla\u00e7, el lloc web en el qual s&#8217;estableixi dit *hiperenlace no contindr\u00e0 cap element, d&#8217;aquest Lloc web, protegit com a propietat intel\u00b7lectual per l&#8217;ordenament jur\u00eddic espanyol, excepte autoritzaci\u00f3 expressa de Reus Disseny i decoraci\u00f3.<\/p>\n<p>L&#8217;establiment de l&#8217;enlla\u00e7 no implicar\u00e0 l&#8217;exist\u00e8ncia de relacions entre Reus Disseny i decoraci\u00f3 i el titular del lloc web des del qual es realitzi, ni el coneixement i acceptaci\u00f3 de Reus Disseny i decoraci\u00f3 dels continguts, serveis i\/o activitats ofertes en aquest lloc web, i viceversa.<\/p>\n<h2>V. PROPIETAT INTEL\u00b7LECTUAL I INDUSTRIAL<\/h2>\n<p>Reus Disseny i decoraci\u00f3 per si o com a part cession\u00e0ria, \u00e9s titular de tots els drets de propietat intel\u00b7lectual i industrial del Lloc web, aix\u00ed com dels elements continguts en el mateix (a t\u00edtol enunciatiu i no exhaustiu, imatges, so, \u00e0udio, v\u00eddeo, programari o textos, marques o logotips, combinacions de colors, estructura i disseny, selecci\u00f3 de materials usats, programes d&#8217;ordinador necessaris per al seu funcionament, acc\u00e9s i \u00fas, etc.). Seran, per conseg\u00fcent, obres protegides com a propietat intel\u00b7lectual per l&#8217;ordenament jur\u00eddic espanyol, sent-los aplicables tant la normativa espanyola i comunit\u00e0ria en aquest camp, com els tractats internacionals relatius a la mat\u00e8ria i subscrits per Espanya.<\/p>\n<p>Tots els drets reservats. En virtut del que es disposa en la Llei de Propietat Intel\u00b7lectual, queden expressament prohibides la reproducci\u00f3, la distribuci\u00f3 i la comunicaci\u00f3 p\u00fablica, inclosa la seva modalitat de posada a disposici\u00f3, de la totalitat o part dels continguts d&#8217;aquesta p\u00e0gina web, amb finalitats comercials, en qualsevol suport i per qualsevol mitj\u00e0 t\u00e8cnic, sense l&#8217;autoritzaci\u00f3 de Reus Disseny i decoraci\u00f3.<\/p>\n<p>L&#8217;Usuari es compromet a respectar els drets de propietat intel\u00b7lectual i industrial de Reus Disseny i decoraci\u00f3. Podr\u00e0 visualitzar els elements del Lloc web o fins i tot imprimir-los, copiar-los i emmagatzemar-los en el disc dur del seu ordinador o en qualsevol altre suport f\u00edsic sempre que sigui, exclusivament, per al seu \u00fas personal. L&#8217;Usuari, no obstant aix\u00f2, no podr\u00e0 suprimir, alterar, o manipular qualsevol dispositiu de protecci\u00f3 o sistema de seguretat que estigu\u00e9s instal\u00b7lat en el Lloc web.<\/p>\n<p>En cas que l&#8217;Usuari o tercer consideri que qualsevol dels Continguts del Lloc web suposi una violaci\u00f3 dels drets de protecci\u00f3 de la propietat intel\u00b7lectual, haur\u00e0 de comunicar-ho immediatament a Reus Disseny i decoraci\u00f3 a trav\u00e9s de les dades de contacte de l&#8217;apartat d&#8217;INFORMACI\u00d3 GENERAL d&#8217;aquest Av\u00eds Legal i Condicions Generals d&#8217;\u00das.<\/p>\n<h2>VI. ACCIONS LEGALS, LEGISLACI\u00d3 APLICABLE I JURISDICCI\u00d3<\/h2>\n<p>Reus Disseny i decoraci\u00f3 es reserva la facultat de presentar les accions civils o penals que consideri necess\u00e0ries per la utilitzaci\u00f3 indeguda del Lloc web i Continguts, o per l&#8217;incompliment de les presents Condicions.<\/p>\n<p>La relaci\u00f3 entre l&#8217;Usuari i Reus *Disseny i *decoraci\u00f3 es regir\u00e0 per la normativa vigent i d&#8217;aplicaci\u00f3 en el territori espanyol. De sorgir qualsevol controv\u00e8rsia en relaci\u00f3 amb la interpretaci\u00f3 i\/o a l&#8217;aplicaci\u00f3 d&#8217;aquestes Condicions les parts sotmetran els seus conflictes a la jurisdicci\u00f3 ordin\u00e0ria sotmetre als jutges i tribunals que corresponguin conforme a dret.<\/p>\n<p>Aquest document d&#8217;Av\u00eds Legal i Condicions Generals d&#8217;\u00fas del lloc web ha estat creat mitjan\u00e7ant el generador de plantilla d&#8217;av\u00eds legal i condicions d&#8217;\u00fas online el dia 15\/11\/2022.<\/p>\n<\/div><\/div><\/div><\/div><\/div>\n","protected":false},"excerpt":{"rendered":"","protected":false},"author":1,"featured_media":0,"parent":0,"menu_order":0,"comment_status":"closed","ping_status":"closed","template":"100-width.php","meta":{"footnotes":""},"class_list":["post-315","page","type-page","status-publish","hentry"],"yoast_head":"<!-- This site is optimized with the Yoast SEO plugin v21.7 - https:\/\/yoast.com\/wordpress\/plugins\/seo\/ -->\n<title>Av\u00eds legal - REUS DISSENY<\/title>\n<meta name=\"robots\" content=\"index, follow, max-snippet:-1, max-image-preview:large, max-video-preview:-1\" \/>\n<link rel=\"canonical\" href=\"https:\/\/www.reusdisseny.com\/ca\/avis-legal\/\" \/>\n<meta property=\"og:locale\" content=\"ca_ES\" \/>\n<meta property=\"og:type\" content=\"article\" \/>\n<meta property=\"og:title\" content=\"Av\u00eds legal - REUS DISSENY\" \/>\n<meta property=\"og:url\" content=\"https:\/\/www.reusdisseny.com\/ca\/avis-legal\/\" \/>\n<meta property=\"og:site_name\" content=\"REUS DISSENY\" \/>\n<meta property=\"article:modified_time\" content=\"2022-11-22T12:17:51+00:00\" \/>\n<meta name=\"twitter:card\" content=\"summary_large_image\" \/>\n<meta name=\"twitter:label1\" content=\"Temps estimat de lectura\" \/>\n\t<meta name=\"twitter:data1\" content=\"14 minuts\" \/>\n<script type=\"application\/ld+json\" class=\"yoast-schema-graph\">{\"@context\":\"https:\/\/schema.org\",\"@graph\":[{\"@type\":\"WebPage\",\"@id\":\"https:\/\/www.reusdisseny.com\/ca\/avis-legal\/\",\"url\":\"https:\/\/www.reusdisseny.com\/ca\/avis-legal\/\",\"name\":\"Av\u00eds legal - REUS DISSENY\",\"isPartOf\":{\"@id\":\"https:\/\/www.reusdisseny.com\/ca\/#website\"},\"datePublished\":\"2022-11-10T08:32:55+00:00\",\"dateModified\":\"2022-11-22T12:17:51+00:00\",\"breadcrumb\":{\"@id\":\"https:\/\/www.reusdisseny.com\/ca\/avis-legal\/#breadcrumb\"},\"inLanguage\":\"ca\",\"potentialAction\":[{\"@type\":\"ReadAction\",\"target\":[\"https:\/\/www.reusdisseny.com\/ca\/avis-legal\/\"]}]},{\"@type\":\"BreadcrumbList\",\"@id\":\"https:\/\/www.reusdisseny.com\/ca\/avis-legal\/#breadcrumb\",\"itemListElement\":[{\"@type\":\"ListItem\",\"position\":1,\"name\":\"Portada\",\"item\":\"https:\/\/www.reusdisseny.com\/ca\/inici\/\"},{\"@type\":\"ListItem\",\"position\":2,\"name\":\"Av\u00eds legal\"}]},{\"@type\":\"WebSite\",\"@id\":\"https:\/\/www.reusdisseny.com\/ca\/#website\",\"url\":\"https:\/\/www.reusdisseny.com\/ca\/\",\"name\":\"REUS DISSENY\",\"description\":\"Pasi\u00f3n por la madera\",\"publisher\":{\"@id\":\"https:\/\/www.reusdisseny.com\/ca\/#organization\"},\"potentialAction\":[{\"@type\":\"SearchAction\",\"target\":{\"@type\":\"EntryPoint\",\"urlTemplate\":\"https:\/\/www.reusdisseny.com\/ca\/?s={search_term_string}\"},\"query-input\":\"required name=search_term_string\"}],\"inLanguage\":\"ca\"},{\"@type\":\"Organization\",\"@id\":\"https:\/\/www.reusdisseny.com\/ca\/#organization\",\"name\":\"REUS DISSENY\",\"url\":\"https:\/\/www.reusdisseny.com\/ca\/\",\"logo\":{\"@type\":\"ImageObject\",\"inLanguage\":\"ca\",\"@id\":\"https:\/\/www.reusdisseny.com\/ca\/#\/schema\/logo\/image\/\",\"url\":\"https:\/\/www.reusdisseny.com\/wp-content\/uploads\/2022\/10\/logo-reus-disseny.svg\",\"contentUrl\":\"https:\/\/www.reusdisseny.com\/wp-content\/uploads\/2022\/10\/logo-reus-disseny.svg\",\"width\":163,\"height\":163,\"caption\":\"REUS DISSENY\"},\"image\":{\"@id\":\"https:\/\/www.reusdisseny.com\/ca\/#\/schema\/logo\/image\/\"},\"sameAs\":[\"https:\/\/www.instagram.com\/reusdisseny\/\",\"https:\/\/www.linkedin.com\/company\/reus-disseny-i-decoraci-sl\/\"]}]}<\/script>\n<!-- \/ Yoast SEO plugin. -->","yoast_head_json":{"title":"Av\u00eds legal - REUS DISSENY","robots":{"index":"index","follow":"follow","max-snippet":"max-snippet:-1","max-image-preview":"max-image-preview:large","max-video-preview":"max-video-preview:-1"},"canonical":"https:\/\/www.reusdisseny.com\/ca\/avis-legal\/","og_locale":"ca_ES","og_type":"article","og_title":"Av\u00eds legal - REUS DISSENY","og_url":"https:\/\/www.reusdisseny.com\/ca\/avis-legal\/","og_site_name":"REUS DISSENY","article_modified_time":"2022-11-22T12:17:51+00:00","twitter_card":"summary_large_image","twitter_misc":{"Temps estimat de lectura":"14 minuts"},"schema":{"@context":"https:\/\/schema.org","@graph":[{"@type":"WebPage","@id":"https:\/\/www.reusdisseny.com\/ca\/avis-legal\/","url":"https:\/\/www.reusdisseny.com\/ca\/avis-legal\/","name":"Av\u00eds legal - REUS DISSENY","isPartOf":{"@id":"https:\/\/www.reusdisseny.com\/ca\/#website"},"datePublished":"2022-11-10T08:32:55+00:00","dateModified":"2022-11-22T12:17:51+00:00","breadcrumb":{"@id":"https:\/\/www.reusdisseny.com\/ca\/avis-legal\/#breadcrumb"},"inLanguage":"ca","potentialAction":[{"@type":"ReadAction","target":["https:\/\/www.reusdisseny.com\/ca\/avis-legal\/"]}]},{"@type":"BreadcrumbList","@id":"https:\/\/www.reusdisseny.com\/ca\/avis-legal\/#breadcrumb","itemListElement":[{"@type":"ListItem","position":1,"name":"Portada","item":"https:\/\/www.reusdisseny.com\/ca\/inici\/"},{"@type":"ListItem","position":2,"name":"Av\u00eds legal"}]},{"@type":"WebSite","@id":"https:\/\/www.reusdisseny.com\/ca\/#website","url":"https:\/\/www.reusdisseny.com\/ca\/","name":"REUS DISSENY","description":"Pasi\u00f3n por la madera","publisher":{"@id":"https:\/\/www.reusdisseny.com\/ca\/#organization"},"potentialAction":[{"@type":"SearchAction","target":{"@type":"EntryPoint","urlTemplate":"https:\/\/www.reusdisseny.com\/ca\/?s={search_term_string}"},"query-input":"required name=search_term_string"}],"inLanguage":"ca"},{"@type":"Organization","@id":"https:\/\/www.reusdisseny.com\/ca\/#organization","name":"REUS DISSENY","url":"https:\/\/www.reusdisseny.com\/ca\/","logo":{"@type":"ImageObject","inLanguage":"ca","@id":"https:\/\/www.reusdisseny.com\/ca\/#\/schema\/logo\/image\/","url":"https:\/\/www.reusdisseny.com\/wp-content\/uploads\/2022\/10\/logo-reus-disseny.svg","contentUrl":"https:\/\/www.reusdisseny.com\/wp-content\/uploads\/2022\/10\/logo-reus-disseny.svg","width":163,"height":163,"caption":"REUS DISSENY"},"image":{"@id":"https:\/\/www.reusdisseny.com\/ca\/#\/schema\/logo\/image\/"},"sameAs":["https:\/\/www.instagram.com\/reusdisseny\/","https:\/\/www.linkedin.com\/company\/reus-disseny-i-decoraci-sl\/"]}]}},"_links":{"self":[{"href":"https:\/\/www.reusdisseny.com\/ca\/wp-json\/wp\/v2\/pages\/315","targetHints":{"allow":["GET"]}}],"collection":[{"href":"https:\/\/www.reusdisseny.com\/ca\/wp-json\/wp\/v2\/pages"}],"about":[{"href":"https:\/\/www.reusdisseny.com\/ca\/wp-json\/wp\/v2\/types\/page"}],"author":[{"embeddable":true,"href":"https:\/\/www.reusdisseny.com\/ca\/wp-json\/wp\/v2\/users\/1"}],"replies":[{"embeddable":true,"href":"https:\/\/www.reusdisseny.com\/ca\/wp-json\/wp\/v2\/comments?post=315"}],"version-history":[{"count":7,"href":"https:\/\/www.reusdisseny.com\/ca\/wp-json\/wp\/v2\/pages\/315\/revisions"}],"predecessor-version":[{"id":359,"href":"https:\/\/www.reusdisseny.com\/ca\/wp-json\/wp\/v2\/pages\/315\/revisions\/359"}],"wp:attachment":[{"href":"https:\/\/www.reusdisseny.com\/ca\/wp-json\/wp\/v2\/media?parent=315"}],"curies":[{"name":"wp","href":"https:\/\/api.w.org\/{rel}","templated":true}]}}