{"id":318,"date":"2022-10-25T16:08:13","date_gmt":"2022-10-25T16:08:13","guid":{"rendered":"http:\/\/www.reusdisseny.com\/politica-de-privacitat\/"},"modified":"2022-11-22T12:17:28","modified_gmt":"2022-11-22T12:17:28","slug":"politica-de-privacitat","status":"publish","type":"page","link":"https:\/\/www.reusdisseny.com\/ca\/politica-de-privacitat\/","title":{"rendered":"Pol\u00edtica de privacitat"},"content":{"rendered":"<div class=\"fusion-fullwidth fullwidth-box fusion-builder-row-1 fusion-flex-container has-pattern-background has-mask-background nonhundred-percent-fullwidth non-hundred-percent-height-scrolling fusion-custom-z-index\" style=\"--awb-border-radius-top-left:0px;--awb-border-radius-top-right:0px;--awb-border-radius-bottom-right:0px;--awb-border-radius-bottom-left:0px;--awb-z-index:0000;--awb-padding-top:8vh;--awb-padding-bottom:8vh;--awb-margin-top:-50px;--awb-margin-bottom:-60px;--awb-background-color:var(--awb-color5);--awb-flex-wrap:wrap;\" ><div class=\"fusion-builder-row fusion-row fusion-flex-align-items-flex-start fusion-flex-content-wrap\" style=\"max-width:1248px;margin-left: calc(-4% \/ 2 );margin-right: calc(-4% \/ 2 );\"><div class=\"fusion-layout-column fusion_builder_column fusion-builder-column-0 fusion_builder_column_1_1 1_1 fusion-flex-column\" style=\"--awb-bg-size:cover;--awb-width-large:100%;--awb-margin-top-large:0px;--awb-spacing-right-large:1.92%;--awb-margin-bottom-large:20px;--awb-spacing-left-large:1.92%;--awb-width-medium:100%;--awb-order-medium:0;--awb-spacing-right-medium:1.92%;--awb-spacing-left-medium:1.92%;--awb-width-small:100%;--awb-order-small:0;--awb-spacing-right-small:1.92%;--awb-spacing-left-small:1.92%;\"><div class=\"fusion-column-wrapper fusion-column-has-shadow fusion-flex-justify-content-flex-start fusion-content-layout-column\"><div class=\"fusion-title title fusion-title-1 fusion-sep-none fusion-title-text fusion-title-size-one\" style=\"--awb-text-color:var(--awb-color8);\"><h1 class=\"fusion-title-heading title-heading-left fusion-responsive-typography-calculated\" style=\"margin:0;--fontSize:64;line-height:var(--awb-typography1-line-height);\">Pol\u00edtica de privacitat<\/h1><\/div><\/div><\/div><div class=\"fusion-layout-column fusion_builder_column fusion-builder-column-1 fusion_builder_column_1_1 1_1 fusion-flex-column\" style=\"--awb-bg-size:cover;--awb-width-large:100%;--awb-margin-top-large:0px;--awb-spacing-right-large:1.92%;--awb-margin-bottom-large:20px;--awb-spacing-left-large:1.92%;--awb-width-medium:100%;--awb-order-medium:0;--awb-spacing-right-medium:1.92%;--awb-spacing-left-medium:1.92%;--awb-width-small:100%;--awb-order-small:0;--awb-spacing-right-small:1.92%;--awb-spacing-left-small:1.92%;\"><div class=\"fusion-column-wrapper fusion-column-has-shadow fusion-flex-justify-content-flex-start fusion-content-layout-column\"><div class=\"fusion-text fusion-text-1\"><h2>I. POL\u00cdTICA DE PRIVACITAT I PROTECCI\u00d3 DE DADES<\/h2>\n<p>Respectant el que s&#8217;estableix en la legislaci\u00f3 vigent, Reus Disseny i decoraci\u00f3 SL. (d&#8217;ara endavant, tamb\u00e9 Lloc web) es compromet a adoptar les mesures t\u00e8cniques i organitzatives necess\u00e0ries, segons el nivell de seguretat adequat al risc de les dades recollides.<\/p>\n<h3>Lleis que incorpora aquesta pol\u00edtica de privacitat<\/h3>\n<p>Aquesta pol\u00edtica de privacitat est\u00e0 adaptada a la normativa espanyola i europea vigent en mat\u00e8ria de protecci\u00f3 de dades personals en internet. En concret, la mateixa respecta les seg\u00fcents normes:<\/p>\n<p>El Reglament (UE) 2016\/679 del Parlament Europeu i del Consell, de 27 d&#8217;abril de 2016, relatiu a la protecci\u00f3 de les persones f\u00edsiques pel que fa al tractament de dades personals i a la lliure circulaci\u00f3 d&#8217;aquestes dades (RGPD).<\/p>\n<p>La Llei org\u00e0nica 3\/2018, de 5 de desembre, de Protecci\u00f3 de Dades Personals i garantia dels drets digitals (LOPD-GDD).<\/p>\n<p>El Reial decret 1720\/2007, de 21 de desembre, pel qual s&#8217;aprova el Reglament de desenvolupament de la Llei org\u00e0nica 15\/1999, de 13 de desembre, de Protecci\u00f3 de Dades de Car\u00e0cter Personal (RDLOPD).<\/p>\n<p>La Llei 34\/2002, d&#8217;11 de juliol, de Serveis de la Societat de la Informaci\u00f3 i de Comer\u00e7 Electr\u00f2nic (LSSI-CE).<\/p>\n<h3>Identitat del responsable del tractament de les dades personals<\/h3>\n<p>El responsable del tractament de les dades personals recollits a Reus Disseny i decoraci\u00f3 SL. \u00e9s: Reus Disseny i decoraci\u00f3 SL., prove\u00efda de NIF\/CIF: b43230705 i inscrit en: Registre mercantil de Tarragona amb les seg\u00fcents dades registrals: Tom 645, foli 94, fulla T1.312., el representant del qual \u00e9s: Reus Disseny i Decoraci\u00f3 #SL (d&#8217;ara endavant, Responsable del tractament). Les seves dades de contacte s\u00f3n els seg\u00fcents:<\/p>\n<p>Direcci\u00f3: Av. Victor Catal\u00e0 n\u00ba 32-34<\/p>\n<p>Tel\u00e8fon de contacte: 977333309<\/p>\n<p>Email de contacte: ofertes@reusdisseny.com<\/p>\n<h3>Registre de Dades de Car\u00e0cter Personal<\/h3>\n<p>En compliment del que s&#8217;estableix en el *RGPD i la *LOPD-*GDD, l&#8217;informem que les dades personals recaptades per Reus *Disseny i *decoraci\u00f3 #SL., mitjan\u00e7ant els formularis estesos en les seves p\u00e0gines quedaran incorporats i seran tractats en el nostre *\ufb01chero amb el *\ufb01n de poder facilitar, agilitar i complir els compromisos establerts entre Reus *Disseny i *decoraci\u00f3 #SL. i l&#8217;Usuari o el manteniment de la relaci\u00f3 que s&#8217;estableixi en els formularis que aquest empleni, o per a atendre una sol\u00b7licitud o consulta d&#8217;aquest. Aix\u00ed mateix, de conformitat amb el que es preveu en el *RGPD i la *LOPD-*GDD, tret que sigui aplicable l&#8217;excepci\u00f3 prevista en l&#8217;article 30.5 del *RGPD, es mant\u00e9 un registre d&#8217;activitats de tractament que *especi\ufb01ca, segons els seus *\ufb01nalidades, les activitats de tractament dutes a terme i les altres circumst\u00e0ncies establertes en el *RGPD.<\/p>\n<h3>Principis aplicables al tractament de les dades personals<\/h3>\n<p>El tractament de les dades personals de l&#8217;Usuari se sotmetr\u00e0 als seg\u00fcents principis recollits en l&#8217;article 5 del RGPD i en l&#8217;article 4 i seg\u00fcents de la Llei org\u00e0nica 3\/2018, de 5 de desembre, de Protecci\u00f3 de Dades Personals i garantia dels drets digitals:<\/p>\n<p>Principi de licitud, lleialtat i transpar\u00e8ncia: es requerir\u00e0 en tot moment el consentiment de l&#8217;Usuari pr\u00e8via informaci\u00f3 completament transparent dels \ufb01nes per als quals es recullen les dades personals.<\/p>\n<p>Principi de limitaci\u00f3 de la \ufb01nalidad: les dades personals seran recollits amb \ufb01nes determinats, expl\u00edcits i leg\u00edtims.<\/p>\n<p>Principi de minimitzaci\u00f3 de dades: les dades personals recollits seran \u00fanicament els estrictament necessaris en relaci\u00f3 amb els \ufb01nes per als quals s\u00f3n tractats.<\/p>\n<p>Principi d&#8217;exactitud: les dades personals han de ser exactes i estar sempre actualitzats. Principi de limitaci\u00f3 del termini de conservaci\u00f3: les dades personals nom\u00e9s seran mantinguts de manera que es permeti la identi\ufb01caci\u00f3 de l&#8217;Usuari durant el temps necessari per als \ufb01ns del seu tractament.<\/p>\n<p>Principi d&#8217;integritat i con\ufb01dencialitat: les dades personals seran tractats de manera que es garanteixi la seva seguretat i con\ufb01dencialitat.<\/p>\n<p>Principi de responsabilitat proactiva: el Responsable del tractament ser\u00e0 responsable d&#8217;assegurar que els principis anteriors es compleixen.<\/p>\n<h3>Categories de dades personals<\/h3>\n<p>Les categories de dades que es tracten a Reus Disseny i decoraci\u00f3 SL. s\u00f3n \u00fanicament dades identificatives. En cap cas, es tracten categories especials de dades personals en el sentit de l&#8217;article 9 del RGPD.<\/p>\n<h3>Base legal per al tractament de les dades personals<\/h3>\n<p>La base legal per al tractament de les dades personals \u00e9s el consentiment. Reus Disseny i decoraci\u00f3 SL. es compromet a recaptar el consentiment expr\u00e9s i veri\ufb01cable de l&#8217;Usuari per al tractament de les seves dades personals per a un o diversos fins espec\u00edfics.<\/p>\n<p>L&#8217;Usuari tindr\u00e0 dret a retirar el seu consentiment en qualsevol moment. Ser\u00e0 tan f\u00e0cil retirar el consentiment com donar-lo. Com a regla general, la retirada del consentiment no condicionar\u00e0 l&#8217;\u00fas del Lloc web.<\/p>\n<p>En les ocasions en les quals l&#8217;Usuari degui o pugui facilitar les seves dades a trav\u00e9s de formularis per a realitzar consultes, sol\u00b7licitar informaci\u00f3 o per motius relacionats amb el contingut del Lloc web, se l&#8217;informar\u00e0 en cas que l&#8217;emplenament d&#8217;algun d&#8217;ells sigui obligat\u00f2ria pel fet que els mateixos siguin imprescindibles per al correcte desenvolupament de l&#8217;operaci\u00f3 realitzada.<\/p>\n<h3>Finalitats del tractament a qu\u00e8 es destinen les dades personals<\/h3>\n<p>Les dades personals s\u00f3n recaptats i gestionats per Reus Disseny i decoraci\u00f3 SL. amb la finalitat de poder facilitar, agilitar i complir els compromisos establerts entre el Lloc web i l&#8217;Usuari o el manteniment de la relaci\u00f3 que s&#8217;estableixi en els formularis que aquest \u00faltim empleni o per a atendre una sol\u00b7licitud o consulta.<\/p>\n<p>Igualment, les dades podran ser utilitzats amb una finalitat comercial de personalitzaci\u00f3, operativa i estad\u00edstica, i activitats pr\u00f2pies de l&#8217;objecte social de Reus Disseny i decoraci\u00f3 SL., aix\u00ed com per a l&#8217;extracci\u00f3, emmagatzematge de dades i estudis de m\u00e0rqueting per a adequar el Contingut ofert a l&#8217;Usuari, aix\u00ed com millorar la qualitat, funcionament i navegaci\u00f3 pel Lloc web.<\/p>\n<p>En el moment en qu\u00e8 s&#8217;obtinguin les dades personals, s&#8217;informar\u00e0 l&#8217;Usuari sobre el fi o fins espec\u00edfics del tractament a qu\u00e8 es destinaran les dades personals; \u00e9s a dir, de l&#8217;\u00fas o usos que es donar\u00e0 a la informaci\u00f3 recopilada.<\/p>\n<h3>Per\u00edodes de retenci\u00f3 de les dades personals<\/h3>\n<p>Les dades personals nom\u00e9s seran retinguts durant el temps m\u00ednim necessari per als fins del seu tractament i, en tot cas, \u00fanicament durant el seg\u00fcent termini: 18, o fins que l&#8217;Usuari sol\u00b7liciti la seva supressi\u00f3.<\/p>\n<p>En el moment en qu\u00e8 s&#8217;obtinguin les dades personals, s&#8217;informar\u00e0 l&#8217;Usuari sobre el termini durant el qual es conservaran les dades personals o, quan aix\u00f2 no sigui possible, els criteris utilitzats per a determinar aquest termini.<\/p>\n<h3>Destinataris de les dades personals<\/h3>\n<p>Les dades personals de l&#8217;Usuari seran compartits amb els seg\u00fcents destinataris o categories de destinataris:<\/p>\n<p>Reus Disseny i Decoraci\u00f3 SL<\/p>\n<p>En cas que el Responsable del tractament tingui la intenci\u00f3 de transferir dades personals a un tercer pa\u00eds o organitzaci\u00f3 internacional, en el moment en qu\u00e8 s&#8217;obtinguin les dades personals, s&#8217;informar\u00e0 l&#8217;Usuari sobre el tercer pa\u00eds o organitzaci\u00f3 internacional al qual es t\u00e9 la intenci\u00f3 de transferir les dades, aix\u00ed com de l&#8217;exist\u00e8ncia o abs\u00e8ncia d&#8217;una decisi\u00f3 d&#8217;adequaci\u00f3 de la Comissi\u00f3.<\/p>\n<h3>Dades personals de menors d&#8217;edat<\/h3>\n<p>Respectant el que s&#8217;estableix en els articles 8 del RGPD i 7 de la Llei org\u00e0nica 3\/2018, de 5 de desembre, de Protecci\u00f3 de Dades Personals i garantia dels drets digitals, nom\u00e9s els majors de 14 anys podran atorgar el seu consentiment per al tractament de les seves dades personals de manera l\u00edcita per Reus Disseny i decoraci\u00f3 SL.. Si es tracta d&#8217;un menor de 14 anys, ser\u00e0 necessari el consentiment dels pares o tutors per al tractament, i aquest solo es considerar\u00e0 l\u00edcit en la mesura en la qual els mateixos l&#8217;hagin autoritzat.<\/p>\n<h3>Secret i seguretat de les dades personals<\/h3>\n<p>Reus Disseny i decoraci\u00f3 SL. es compromet a adoptar les mesures t\u00e8cniques i organitzatives necess\u00e0ries, segons el nivell de seguretat adequat al risc de les dades recollides, de manera que es garanteixi la seguretat de les dades de car\u00e0cter personal i s&#8217;eviti la destrucci\u00f3, p\u00e8rdua o alteraci\u00f3 accidental o il\u00b7l\u00edcita de dades personals transmeses, conservats o tractats d&#8217;una altra forma, o la comunicaci\u00f3 o acc\u00e9s no autoritzats a aquestes dades. No obstant aix\u00f2, pel fet que Reus Disseny i decoraci\u00f3 SL. no pot garantir la inexpugnabilitat d&#8217;internet ni l&#8217;abs\u00e8ncia total de hackers o uns altres que accedeixin de manera fraudulenta a les dades personals, el Responsable del tractament es compromet a comunicar a l&#8217;Usuari sense dilaci\u00f3 indeguda quan ocorri una violaci\u00f3 de la seguretat de les dades personals que sigui probable que comporti un alt risc per als drets i llibertats de les persones f\u00edsiques. Seguint el que s&#8217;estableix en l&#8217;article 4 del RGPD, s&#8217;ent\u00e9n per violaci\u00f3 de la seguretat de les dades personals tota violaci\u00f3 de la seguretat que ocasioni la destrucci\u00f3, p\u00e8rdua o alteraci\u00f3 accidental o il\u00b7l\u00edcita de dades personals transmeses, conservats o tractats d&#8217;una altra forma, o la comunicaci\u00f3 o acc\u00e9s no autoritzats a aquestes dades.<\/p>\n<p>Les dades personals seran tractats com confidencials pel Responsable del tractament, qui es compromet a informar i a garantir per mitj\u00e0 d&#8217;una obligaci\u00f3 legal o contractual que dita con\ufb01dencialitat sigui respectada pels seus empleats, associats, i tota persona a la qual li faci accessible la informaci\u00f3.<\/p>\n<h3>Drets derivats del tractament de les dades personals<\/h3>\n<p>L&#8217;Usuari t\u00e9 sobre Reus Disseny i decoraci\u00f3 SL. i podr\u00e0, per tant, exercir enfront del Responsable del tractament els seg\u00fcents drets reconeguts en el RGPD i la Llei org\u00e0nica 3\/2018, de 5 de desembre, de Protecci\u00f3 de Dades Personals i garantia dels drets digitals:<\/p>\n<p>Dret d&#8217;acc\u00e9s: \u00c9s el dret de l&#8217;Usuari a obtenir con\ufb01rmaci\u00f3 de si Reus Disseny i decoraci\u00f3 SL. est\u00e0 tractant o no les seves dades personals i, en cas afirmatiu, obtenir informaci\u00f3 sobre les seves dades concretes de car\u00e0cter personal i del tractament que Reus Disseny i decoraci\u00f3 SL. hagi realitzat o realitzi, aix\u00ed com, entre una altra, de la informaci\u00f3 disponible sobre l&#8217;origen d&#8217;aquestes dades i els destinataris de les comunicacions realitzades o previstes d&#8217;aquests.<\/p>\n<p>Dret de recti\ufb01caci\u00f3: \u00c9s el dret de l&#8217;Usuari al fet que es modi\ufb01quen les seves dades personals que resultin ser inexactes o, tenint en compte els fins del tractament, incomplets.<\/p>\n<p>Dret de supressi\u00f3 (&#8220;el dret a l&#8217;oblit&#8221;): \u00c9s el dret de l&#8217;Usuari, sempre que la legislaci\u00f3 vigent no estableixi el contrari, a obtenir la supressi\u00f3 de les dades personals quan aquestes ja no siguin necess\u00e0ries per als fins per als quals van ser recollits o tractats; l&#8217;Usuari hagi retirat el seu consentiment al tractament i aquest no tingui una altra base legal; l&#8217;Usuari s&#8217;oposi al tractament i no hi hagi cap altre motiu leg\u00edtim per continuar amb aquest; les dades personals hagin estat tractades il\u00b7l\u00edcitament; les dades personals s&#8217;han de suprimir en compliment d&#8217;una obligaci\u00f3 legal; o les dades personals hagin estat obtingudes producte duna oferta directa de serveis de la societat de la informaci\u00f3 a un menor de 14 anys. A m\u00e9s de suprimir les dades, el Responsable del tractament, tenint en compte la tecnologia disponible i el cost de la seva aplicaci\u00f3, haur\u00e0 d&#8217;adoptar mesures raonables per a informar els responsables que estiguin tractant les dades personals de la sol\u00b7licitud de l&#8217;interessat de supressi\u00f3 de qualsevol enlla\u00e7 a aquestes dades personals.<\/p>\n<p>Dret a la limitaci\u00f3 del tractament: \u00c9s el dret de l&#8217;Usuari a limitar el tractament de les seves dades personals. L&#8217;Usuari t\u00e9 dret a obtenir la limitaci\u00f3 del tractament quan impugni l&#8217;exactitud de les seves dades personals; el tractament sigui il\u00b7l\u00edcit; el Responsable del tractament ja no necessiti les dades personals, per\u00f2 l&#8217;Usuari el necessiti per a fer reclamacions; i quan l&#8217;Usuari s&#8217;hagi oposat al tractament.<\/p>\n<p>Dret a la portabilitat de les dades: En cas que el tractament s&#8217;efectu\u00ef per mitjans automatitzats, l&#8217;Usuari tindr\u00e0 dret a rebre del Responsable del tractament les seves dades personals en un format estructurat, d&#8217;\u00fas com\u00fa i lectura mec\u00e0nica, i a transmetre&#8217;ls a un altre responsable del tractament. Sempre que sigui t\u00e8cnicament possible, el Responsable del tractament transmetr\u00e0 directament les dades a aquest altre responsable.<\/p>\n<p>Sempre que sigui t\u00e8cnicament possible, el Responsable del tractament transmetr\u00e0 directament les dades a aquest altre responsable.<\/p>\n<p>Derecho a no ser objeto de una decisi\u00f3n basada \u00fanicamente en el tratamiento automatizado, incluida la elaboraci\u00f3n de per\ufb01les: Es el derecho del Usuario a no ser objeto de una decisi\u00f3n individualizada basada \u00fanicamente en el tratamiento automatizado de sus datos personales, incluida la elaboraci\u00f3n de per\ufb01les, existente salvo que la legislaci\u00f3n vigente establezca lo contrario.<\/p>\n<p>Aix\u00ed, doncs, l&#8217;Usuari podr\u00e0 exercitar els seus drets mitjan\u00e7ant comunicaci\u00f3 escrita dirigida al Responsable del tractament amb la refer\u00e8ncia &#8220;RGPD-www.reusdisseny.com&#8221;, especificant:<\/p>\n<p>Nom, cognoms de l&#8217;usuari i c\u00f2pia del DNI. En els casos en qu\u00e8 s&#8217;admeti la representaci\u00f3, tamb\u00e9 ser\u00e0 necess\u00e0ria la identificaci\u00f3 pel mateix mitj\u00e0 de la persona que representa l&#8217;Usuari, aix\u00ed com el document acreditatiu de la representaci\u00f3. La fotoc\u00f2pia del DNI podr\u00e0 ser substitu\u00efda per qualsevol altre mitj\u00e0 v\u00e0lid en dret que acrediti la identitat.<\/p>\n<p>Petici\u00f3 amb els motius espec\u00edfics de la sol\u00b7licitud o informaci\u00f3 a qu\u00e8 es vol accedir. Domicili a efecte de notificacions.<\/p>\n<p>Data i signatura del sol\u00b7licitant.<\/p>\n<p>Tot document que acrediti la petici\u00f3 que formula.<\/p>\n<p>Aquesta sol\u00b7licitud i qualsevol altre document adjunt podr\u00e0 enviar-se a la seg\u00fcent adre\u00e7a i\/o correu electr\u00f2nic:<\/p>\n<p>Adre\u00e7a postal: Av. Victor Catal\u00e0 n\u00ba 32-34<\/p>\n<p>Correu electr\u00f2nic: ofertes@reusdisseny.com<\/p>\n<h3>Enlla\u00e7os a llocs web de tercers<\/h3>\n<p>El Lloc Web pot incloure hipervincles o enlla\u00e7os que permeten accedir a p\u00e0gines web de tercers diferents de Reus Disseny i decoraci\u00f3 SL., i que per tant no s\u00f3n operats per Reus Disseny i decoraci\u00f3 SL.. Els titulars d&#8217;aquests llocs web disposaran de les seves pr\u00f2pies pol\u00edtiques de protecci\u00f3 de dades, sent ells mateixos, en cada cas, responsables dels seus propis fitxers i de les pr\u00f2pies pr\u00e0ctiques de privadesa.<\/p>\n<h3>Reclamacions davant de l&#8217;autoritat de control<\/h3>\n<p>En cas que l&#8217;Usuari consideri que hi ha un problema o infracci\u00f3 de la normativa vigent en la forma com s&#8217;estan tractant les dades personals, tindr\u00e0 dret a la tutela judicial efectiva ia presentar una reclamaci\u00f3 davant d&#8217;una autoritat de control, en particular, a l&#8217;Estat on tingui la resid\u00e8ncia habitual, el lloc de treball o el lloc de la suposada infracci\u00f3. En cas d&#8217;Espanya, l&#8217;autoritat de control \u00e9s l&#8217;Ag\u00e8ncia Espanyola de Protecci\u00f3 de Dades (https:\/\/www.aepd.es\/).<\/p>\n<h2>II. ACCEPTACI\u00d3 I CANVIS EN AQUESTA POL\u00cdTICA DE PRIVACITAT<\/h2>\n<p>Cal que l&#8217;Usuari hagi llegit i estigui conforme amb les condicions sobre la protecci\u00f3 de dades de car\u00e0cter personal contingudes en aquesta Pol\u00edtica de Privadesa, aix\u00ed com que accepti el tractament de les seves dades personals perqu\u00e8 el Responsable del tractament pugui procedir-hi a la forma, durant els terminis i per a les finalitats indicades. L&#8217;\u00fas del Lloc Web implicar\u00e0 l&#8217;acceptaci\u00f3 de la Pol\u00edtica de Privadesa del mateix.<\/p>\n<p>Reus Disseny i decoraci\u00f3 SL. es reserva el dret a modificar la seva Pol\u00edtica de Privadesa, d&#8217;acord amb el seu propi criteri, o motivat per un canvi legislatiu, jurisprudencial o doctrinal de l&#8217;Ag\u00e8ncia Espanyola de Protecci\u00f3 de Dades. Els canvis o actualitzacions d&#8217;aquesta Pol\u00edtica de Privadesa no seran notificats de manera expl\u00edcita a l&#8217;Usuari. Es recomana a l&#8217;Usuari consultar aquesta p\u00e0gina de forma peri\u00f2dica per estar al corrent dels darrers canvis o actualitzacions. Aquesta Pol\u00edtica de Privadesa va ser actualitzada per adaptar-se al Reglament (UE) 2016\/679 del Parlament Europeu i del Consell, de 27 d&#8217;abril de 2016, relatiu a la protecci\u00f3 de les persones f\u00edsiques pel que fa al tractament de dades personals ia la lliure circulaci\u00f3 d&#8217;aquestes dades (RGPD) ia la Llei org\u00e0nica 3\/2018, del 5 de desembre, de protecci\u00f3 de dades personals i garantia dels drets digitals.<\/p>\n<p>Aquest document de Pol\u00edtica de Privadesa d&#8217;un lloc web ha estat creat mitjan\u00e7ant el generador de plantilla de pol\u00edtica de privadesa en l\u00ednia el dia 15\/11\/2022.<\/p>\n<\/div><\/div><\/div><\/div><\/div>\n","protected":false},"excerpt":{"rendered":"","protected":false},"author":1,"featured_media":0,"parent":0,"menu_order":0,"comment_status":"closed","ping_status":"open","template":"100-width.php","meta":{"footnotes":""},"class_list":["post-318","page","type-page","status-publish","hentry"],"yoast_head":"<!-- This site is optimized with the Yoast SEO plugin v21.7 - https:\/\/yoast.com\/wordpress\/plugins\/seo\/ -->\n<title>Pol\u00edtica de privacitat - REUS DISSENY<\/title>\n<meta name=\"robots\" content=\"index, follow, max-snippet:-1, max-image-preview:large, max-video-preview:-1\" \/>\n<link rel=\"canonical\" href=\"https:\/\/www.reusdisseny.com\/ca\/politica-de-privacitat\/\" \/>\n<meta property=\"og:locale\" content=\"ca_ES\" \/>\n<meta property=\"og:type\" content=\"article\" \/>\n<meta property=\"og:title\" content=\"Pol\u00edtica de privacitat - REUS DISSENY\" \/>\n<meta property=\"og:url\" content=\"https:\/\/www.reusdisseny.com\/ca\/politica-de-privacitat\/\" \/>\n<meta property=\"og:site_name\" content=\"REUS DISSENY\" \/>\n<meta property=\"article:modified_time\" content=\"2022-11-22T12:17:28+00:00\" \/>\n<meta name=\"twitter:card\" content=\"summary_large_image\" \/>\n<meta name=\"twitter:label1\" content=\"Temps estimat de lectura\" \/>\n\t<meta name=\"twitter:data1\" content=\"17 minuts\" \/>\n<script type=\"application\/ld+json\" class=\"yoast-schema-graph\">{\"@context\":\"https:\/\/schema.org\",\"@graph\":[{\"@type\":\"WebPage\",\"@id\":\"https:\/\/www.reusdisseny.com\/ca\/politica-de-privacitat\/\",\"url\":\"https:\/\/www.reusdisseny.com\/ca\/politica-de-privacitat\/\",\"name\":\"Pol\u00edtica de privacitat - REUS DISSENY\",\"isPartOf\":{\"@id\":\"https:\/\/www.reusdisseny.com\/ca\/#website\"},\"datePublished\":\"2022-10-25T16:08:13+00:00\",\"dateModified\":\"2022-11-22T12:17:28+00:00\",\"breadcrumb\":{\"@id\":\"https:\/\/www.reusdisseny.com\/ca\/politica-de-privacitat\/#breadcrumb\"},\"inLanguage\":\"ca\",\"potentialAction\":[{\"@type\":\"ReadAction\",\"target\":[\"https:\/\/www.reusdisseny.com\/ca\/politica-de-privacitat\/\"]}]},{\"@type\":\"BreadcrumbList\",\"@id\":\"https:\/\/www.reusdisseny.com\/ca\/politica-de-privacitat\/#breadcrumb\",\"itemListElement\":[{\"@type\":\"ListItem\",\"position\":1,\"name\":\"Portada\",\"item\":\"https:\/\/www.reusdisseny.com\/ca\/inici\/\"},{\"@type\":\"ListItem\",\"position\":2,\"name\":\"Pol\u00edtica de privacitat\"}]},{\"@type\":\"WebSite\",\"@id\":\"https:\/\/www.reusdisseny.com\/ca\/#website\",\"url\":\"https:\/\/www.reusdisseny.com\/ca\/\",\"name\":\"REUS DISSENY\",\"description\":\"Pasi\u00f3n por la madera\",\"publisher\":{\"@id\":\"https:\/\/www.reusdisseny.com\/ca\/#organization\"},\"potentialAction\":[{\"@type\":\"SearchAction\",\"target\":{\"@type\":\"EntryPoint\",\"urlTemplate\":\"https:\/\/www.reusdisseny.com\/ca\/?s={search_term_string}\"},\"query-input\":\"required name=search_term_string\"}],\"inLanguage\":\"ca\"},{\"@type\":\"Organization\",\"@id\":\"https:\/\/www.reusdisseny.com\/ca\/#organization\",\"name\":\"REUS DISSENY\",\"url\":\"https:\/\/www.reusdisseny.com\/ca\/\",\"logo\":{\"@type\":\"ImageObject\",\"inLanguage\":\"ca\",\"@id\":\"https:\/\/www.reusdisseny.com\/ca\/#\/schema\/logo\/image\/\",\"url\":\"https:\/\/www.reusdisseny.com\/wp-content\/uploads\/2022\/10\/logo-reus-disseny.svg\",\"contentUrl\":\"https:\/\/www.reusdisseny.com\/wp-content\/uploads\/2022\/10\/logo-reus-disseny.svg\",\"width\":163,\"height\":163,\"caption\":\"REUS DISSENY\"},\"image\":{\"@id\":\"https:\/\/www.reusdisseny.com\/ca\/#\/schema\/logo\/image\/\"},\"sameAs\":[\"https:\/\/www.instagram.com\/reusdisseny\/\",\"https:\/\/www.linkedin.com\/company\/reus-disseny-i-decoraci-sl\/\"]}]}<\/script>\n<!-- \/ Yoast SEO plugin. -->","yoast_head_json":{"title":"Pol\u00edtica de privacitat - REUS DISSENY","robots":{"index":"index","follow":"follow","max-snippet":"max-snippet:-1","max-image-preview":"max-image-preview:large","max-video-preview":"max-video-preview:-1"},"canonical":"https:\/\/www.reusdisseny.com\/ca\/politica-de-privacitat\/","og_locale":"ca_ES","og_type":"article","og_title":"Pol\u00edtica de privacitat - REUS DISSENY","og_url":"https:\/\/www.reusdisseny.com\/ca\/politica-de-privacitat\/","og_site_name":"REUS DISSENY","article_modified_time":"2022-11-22T12:17:28+00:00","twitter_card":"summary_large_image","twitter_misc":{"Temps estimat de lectura":"17 minuts"},"schema":{"@context":"https:\/\/schema.org","@graph":[{"@type":"WebPage","@id":"https:\/\/www.reusdisseny.com\/ca\/politica-de-privacitat\/","url":"https:\/\/www.reusdisseny.com\/ca\/politica-de-privacitat\/","name":"Pol\u00edtica de privacitat - REUS DISSENY","isPartOf":{"@id":"https:\/\/www.reusdisseny.com\/ca\/#website"},"datePublished":"2022-10-25T16:08:13+00:00","dateModified":"2022-11-22T12:17:28+00:00","breadcrumb":{"@id":"https:\/\/www.reusdisseny.com\/ca\/politica-de-privacitat\/#breadcrumb"},"inLanguage":"ca","potentialAction":[{"@type":"ReadAction","target":["https:\/\/www.reusdisseny.com\/ca\/politica-de-privacitat\/"]}]},{"@type":"BreadcrumbList","@id":"https:\/\/www.reusdisseny.com\/ca\/politica-de-privacitat\/#breadcrumb","itemListElement":[{"@type":"ListItem","position":1,"name":"Portada","item":"https:\/\/www.reusdisseny.com\/ca\/inici\/"},{"@type":"ListItem","position":2,"name":"Pol\u00edtica de privacitat"}]},{"@type":"WebSite","@id":"https:\/\/www.reusdisseny.com\/ca\/#website","url":"https:\/\/www.reusdisseny.com\/ca\/","name":"REUS DISSENY","description":"Pasi\u00f3n por la madera","publisher":{"@id":"https:\/\/www.reusdisseny.com\/ca\/#organization"},"potentialAction":[{"@type":"SearchAction","target":{"@type":"EntryPoint","urlTemplate":"https:\/\/www.reusdisseny.com\/ca\/?s={search_term_string}"},"query-input":"required name=search_term_string"}],"inLanguage":"ca"},{"@type":"Organization","@id":"https:\/\/www.reusdisseny.com\/ca\/#organization","name":"REUS DISSENY","url":"https:\/\/www.reusdisseny.com\/ca\/","logo":{"@type":"ImageObject","inLanguage":"ca","@id":"https:\/\/www.reusdisseny.com\/ca\/#\/schema\/logo\/image\/","url":"https:\/\/www.reusdisseny.com\/wp-content\/uploads\/2022\/10\/logo-reus-disseny.svg","contentUrl":"https:\/\/www.reusdisseny.com\/wp-content\/uploads\/2022\/10\/logo-reus-disseny.svg","width":163,"height":163,"caption":"REUS DISSENY"},"image":{"@id":"https:\/\/www.reusdisseny.com\/ca\/#\/schema\/logo\/image\/"},"sameAs":["https:\/\/www.instagram.com\/reusdisseny\/","https:\/\/www.linkedin.com\/company\/reus-disseny-i-decoraci-sl\/"]}]}},"_links":{"self":[{"href":"https:\/\/www.reusdisseny.com\/ca\/wp-json\/wp\/v2\/pages\/318","targetHints":{"allow":["GET"]}}],"collection":[{"href":"https:\/\/www.reusdisseny.com\/ca\/wp-json\/wp\/v2\/pages"}],"about":[{"href":"https:\/\/www.reusdisseny.com\/ca\/wp-json\/wp\/v2\/types\/page"}],"author":[{"embeddable":true,"href":"https:\/\/www.reusdisseny.com\/ca\/wp-json\/wp\/v2\/users\/1"}],"replies":[{"embeddable":true,"href":"https:\/\/www.reusdisseny.com\/ca\/wp-json\/wp\/v2\/comments?post=318"}],"version-history":[{"count":4,"href":"https:\/\/www.reusdisseny.com\/ca\/wp-json\/wp\/v2\/pages\/318\/revisions"}],"predecessor-version":[{"id":354,"href":"https:\/\/www.reusdisseny.com\/ca\/wp-json\/wp\/v2\/pages\/318\/revisions\/354"}],"wp:attachment":[{"href":"https:\/\/www.reusdisseny.com\/ca\/wp-json\/wp\/v2\/media?parent=318"}],"curies":[{"name":"wp","href":"https:\/\/api.w.org\/{rel}","templated":true}]}}